{"id":11,"date":"2021-03-23T19:15:21","date_gmt":"2021-03-23T22:15:21","guid":{"rendered":"https:\/\/labrv.uchilefau.cl\/?page_id=11"},"modified":"2023-08-15T13:58:00","modified_gmt":"2023-08-15T16:58:00","slug":"proyectos","status":"publish","type":"page","link":"https:\/\/labrv.uchilefau.cl\/?page_id=11","title":{"rendered":"Investigaci\u00f3n"},"content":{"rendered":"\n<div class=\"wp-block-group\"><div class=\"wp-block-group__inner-container is-layout-constrained wp-block-group-is-layout-constrained\">\n<h5 class=\"wp-block-heading\">An\u00e1lisis de comportamiento espacial de ocupantes en edificios<\/h5>\n\n\n\n<p>Utilizamos realidad virtual para observar y evaluar el comportamiento espacial de las personas en espacios virtuales, enfoc\u00e1ndonos particularmente en patrones de movimiento, permanencia y direcci\u00f3n de mirada. Comparamos el comportamiento real de personas en espacios f\u00edsicos y en espacios virtuales id\u00e9nticos, identificando similitudes, diferencias y los factores que influyen en estos aspectos. Esta l\u00ednea de investigaci\u00f3n apunta, en \u00faltimo t\u00e9rmino, a desarrollar metodolog\u00edas para utilizar la realidad virtual como herramienta para obtener informaci\u00f3n sobre comportamiento de ocupantes que sea relevante y \u00fatil para el dise\u00f1o y la administraci\u00f3n de espacios f\u00edsicos.<\/p>\n\n\n\n<p><em>Equipo:<\/em> Mauricio Loyola (IP), Javier Ochoa, Mar\u00eda Jos\u00e9 Campos, Tania Bassaure<br><em>Financiamiento:<\/em><br><em>Fechas:<\/em><\/p>\n\n\n\n<figure class=\"wp-block-gallery aligncenter has-nested-images columns-6 is-cropped wp-block-gallery-1 is-layout-flex wp-block-gallery-is-layout-flex\">\n<figure class=\"wp-block-image size-large\"><a href=\"https:\/\/labrv.uchilefau.cl\/wp-content\/uploads\/2021\/06\/Wayfinding4.jpg\"><img loading=\"lazy\" decoding=\"async\" width=\"1024\" height=\"651\" data-id=\"609\" src=\"https:\/\/labrv.uchilefau.cl\/wp-content\/uploads\/2021\/06\/Wayfinding4-1024x651.jpg\" alt=\"\" class=\"wp-image-609\" srcset=\"https:\/\/labrv.uchilefau.cl\/wp-content\/uploads\/2021\/06\/Wayfinding4-1024x651.jpg 1024w, https:\/\/labrv.uchilefau.cl\/wp-content\/uploads\/2021\/06\/Wayfinding4-300x191.jpg 300w, https:\/\/labrv.uchilefau.cl\/wp-content\/uploads\/2021\/06\/Wayfinding4-768x488.jpg 768w, https:\/\/labrv.uchilefau.cl\/wp-content\/uploads\/2021\/06\/Wayfinding4.jpg 1172w\" sizes=\"auto, (max-width: 706px) 89vw, (max-width: 767px) 82vw, 740px\" \/><\/a><\/figure>\n\n\n\n<figure class=\"wp-block-image size-large\"><a href=\"https:\/\/labrv.uchilefau.cl\/wp-content\/uploads\/2021\/06\/Wayfinding3.jpg\"><img loading=\"lazy\" decoding=\"async\" width=\"1024\" height=\"647\" data-id=\"608\" src=\"https:\/\/labrv.uchilefau.cl\/wp-content\/uploads\/2021\/06\/Wayfinding3-1024x647.jpg\" alt=\"\" class=\"wp-image-608\" srcset=\"https:\/\/labrv.uchilefau.cl\/wp-content\/uploads\/2021\/06\/Wayfinding3-1024x647.jpg 1024w, https:\/\/labrv.uchilefau.cl\/wp-content\/uploads\/2021\/06\/Wayfinding3-300x190.jpg 300w, https:\/\/labrv.uchilefau.cl\/wp-content\/uploads\/2021\/06\/Wayfinding3-768x486.jpg 768w, https:\/\/labrv.uchilefau.cl\/wp-content\/uploads\/2021\/06\/Wayfinding3.jpg 1172w\" sizes=\"auto, (max-width: 706px) 89vw, (max-width: 767px) 82vw, 740px\" \/><\/a><\/figure>\n\n\n\n<figure class=\"wp-block-image size-large\"><a href=\"https:\/\/labrv.uchilefau.cl\/wp-content\/uploads\/2021\/06\/Wayfinding2.jpg\"><img loading=\"lazy\" decoding=\"async\" width=\"1024\" height=\"655\" data-id=\"607\" src=\"https:\/\/labrv.uchilefau.cl\/wp-content\/uploads\/2021\/06\/Wayfinding2-1024x655.jpg\" alt=\"\" class=\"wp-image-607\" srcset=\"https:\/\/labrv.uchilefau.cl\/wp-content\/uploads\/2021\/06\/Wayfinding2-1024x655.jpg 1024w, https:\/\/labrv.uchilefau.cl\/wp-content\/uploads\/2021\/06\/Wayfinding2-300x192.jpg 300w, https:\/\/labrv.uchilefau.cl\/wp-content\/uploads\/2021\/06\/Wayfinding2-768x491.jpg 768w, https:\/\/labrv.uchilefau.cl\/wp-content\/uploads\/2021\/06\/Wayfinding2.jpg 1180w\" sizes=\"auto, (max-width: 706px) 89vw, (max-width: 767px) 82vw, 740px\" \/><\/a><\/figure>\n\n\n\n<figure class=\"wp-block-image size-large\"><a href=\"https:\/\/labrv.uchilefau.cl\/wp-content\/uploads\/2021\/06\/Wayfinding6.jpg\"><img loading=\"lazy\" decoding=\"async\" width=\"541\" height=\"541\" data-id=\"1173\" src=\"https:\/\/labrv.uchilefau.cl\/wp-content\/uploads\/2023\/08\/Wayfinding6-edited.jpg\" alt=\"\" class=\"wp-image-1173\" srcset=\"https:\/\/labrv.uchilefau.cl\/wp-content\/uploads\/2023\/08\/Wayfinding6-edited.jpg 541w, https:\/\/labrv.uchilefau.cl\/wp-content\/uploads\/2023\/08\/Wayfinding6-edited-300x300.jpg 300w, https:\/\/labrv.uchilefau.cl\/wp-content\/uploads\/2023\/08\/Wayfinding6-edited-150x150.jpg 150w, https:\/\/labrv.uchilefau.cl\/wp-content\/uploads\/2023\/08\/Wayfinding6-edited-100x100.jpg 100w\" sizes=\"auto, (max-width: 541px) 100vw, 541px\" \/><\/a><\/figure>\n\n\n\n<figure class=\"wp-block-image size-large\"><a href=\"https:\/\/labrv.uchilefau.cl\/wp-content\/uploads\/2021\/06\/Wayfinding5.jpg\"><img loading=\"lazy\" decoding=\"async\" width=\"462\" height=\"462\" data-id=\"1174\" src=\"https:\/\/labrv.uchilefau.cl\/wp-content\/uploads\/2023\/08\/Wayfinding5-edited.jpg\" alt=\"\" class=\"wp-image-1174\" srcset=\"https:\/\/labrv.uchilefau.cl\/wp-content\/uploads\/2023\/08\/Wayfinding5-edited.jpg 462w, https:\/\/labrv.uchilefau.cl\/wp-content\/uploads\/2023\/08\/Wayfinding5-edited-300x300.jpg 300w, https:\/\/labrv.uchilefau.cl\/wp-content\/uploads\/2023\/08\/Wayfinding5-edited-150x150.jpg 150w, https:\/\/labrv.uchilefau.cl\/wp-content\/uploads\/2023\/08\/Wayfinding5-edited-100x100.jpg 100w\" sizes=\"auto, (max-width: 462px) 100vw, 462px\" \/><\/a><\/figure>\n<\/figure>\n\n\n\n<figure class=\"wp-block-gallery aligncenter has-nested-images columns-6 is-cropped wp-block-gallery-2 is-layout-flex wp-block-gallery-is-layout-flex\">\n<figure class=\"wp-block-image size-large\"><a href=\"https:\/\/labrv.uchilefau.cl\/wp-content\/uploads\/2023\/08\/12.png\"><img loading=\"lazy\" decoding=\"async\" width=\"1024\" height=\"560\" data-id=\"1244\" src=\"https:\/\/labrv.uchilefau.cl\/wp-content\/uploads\/2023\/08\/12-1024x560.png\" alt=\"\" class=\"wp-image-1244\" srcset=\"https:\/\/labrv.uchilefau.cl\/wp-content\/uploads\/2023\/08\/12-1024x560.png 1024w, https:\/\/labrv.uchilefau.cl\/wp-content\/uploads\/2023\/08\/12-300x164.png 300w, https:\/\/labrv.uchilefau.cl\/wp-content\/uploads\/2023\/08\/12-768x420.png 768w, https:\/\/labrv.uchilefau.cl\/wp-content\/uploads\/2023\/08\/12.png 1181w\" sizes=\"auto, (max-width: 706px) 89vw, (max-width: 767px) 82vw, 740px\" \/><\/a><\/figure>\n\n\n\n<figure class=\"wp-block-image size-large\"><a href=\"https:\/\/labrv.uchilefau.cl\/wp-content\/uploads\/2023\/08\/3-edited.jpg\"><img loading=\"lazy\" decoding=\"async\" width=\"711\" height=\"711\" data-id=\"1238\" src=\"https:\/\/labrv.uchilefau.cl\/wp-content\/uploads\/2023\/08\/3-edited.jpg\" alt=\"\" class=\"wp-image-1238\" srcset=\"https:\/\/labrv.uchilefau.cl\/wp-content\/uploads\/2023\/08\/3-edited.jpg 711w, https:\/\/labrv.uchilefau.cl\/wp-content\/uploads\/2023\/08\/3-edited-300x300.jpg 300w, https:\/\/labrv.uchilefau.cl\/wp-content\/uploads\/2023\/08\/3-edited-150x150.jpg 150w, https:\/\/labrv.uchilefau.cl\/wp-content\/uploads\/2023\/08\/3-edited-100x100.jpg 100w\" sizes=\"auto, (max-width: 711px) 100vw, 711px\" \/><\/a><\/figure>\n\n\n\n<figure class=\"wp-block-image size-full\"><a href=\"https:\/\/labrv.uchilefau.cl\/wp-content\/uploads\/2023\/08\/11.png\"><img loading=\"lazy\" decoding=\"async\" width=\"838\" height=\"455\" data-id=\"1245\" src=\"https:\/\/labrv.uchilefau.cl\/wp-content\/uploads\/2023\/08\/11.png\" alt=\"\" class=\"wp-image-1245\" srcset=\"https:\/\/labrv.uchilefau.cl\/wp-content\/uploads\/2023\/08\/11.png 838w, https:\/\/labrv.uchilefau.cl\/wp-content\/uploads\/2023\/08\/11-300x163.png 300w, https:\/\/labrv.uchilefau.cl\/wp-content\/uploads\/2023\/08\/11-768x417.png 768w\" sizes=\"auto, (max-width: 706px) 89vw, (max-width: 767px) 82vw, 740px\" \/><\/a><\/figure>\n\n\n\n<figure class=\"wp-block-image size-large\"><a href=\"https:\/\/labrv.uchilefau.cl\/wp-content\/uploads\/2023\/08\/1-edited.jpg\"><img loading=\"lazy\" decoding=\"async\" width=\"424\" height=\"424\" data-id=\"1240\" src=\"https:\/\/labrv.uchilefau.cl\/wp-content\/uploads\/2023\/08\/1-edited.jpg\" alt=\"\" class=\"wp-image-1240\" srcset=\"https:\/\/labrv.uchilefau.cl\/wp-content\/uploads\/2023\/08\/1-edited.jpg 424w, https:\/\/labrv.uchilefau.cl\/wp-content\/uploads\/2023\/08\/1-edited-300x300.jpg 300w, https:\/\/labrv.uchilefau.cl\/wp-content\/uploads\/2023\/08\/1-edited-150x150.jpg 150w, https:\/\/labrv.uchilefau.cl\/wp-content\/uploads\/2023\/08\/1-edited-100x100.jpg 100w\" sizes=\"auto, (max-width: 424px) 100vw, 424px\" \/><\/a><\/figure>\n\n\n\n<figure class=\"wp-block-image size-large\"><a href=\"https:\/\/labrv.uchilefau.cl\/wp-content\/uploads\/2023\/08\/2-edited.jpg\"><img loading=\"lazy\" decoding=\"async\" width=\"425\" height=\"425\" data-id=\"1241\" src=\"https:\/\/labrv.uchilefau.cl\/wp-content\/uploads\/2023\/08\/2-edited.jpg\" alt=\"\" class=\"wp-image-1241\" srcset=\"https:\/\/labrv.uchilefau.cl\/wp-content\/uploads\/2023\/08\/2-edited.jpg 425w, https:\/\/labrv.uchilefau.cl\/wp-content\/uploads\/2023\/08\/2-edited-300x300.jpg 300w, https:\/\/labrv.uchilefau.cl\/wp-content\/uploads\/2023\/08\/2-edited-150x150.jpg 150w, https:\/\/labrv.uchilefau.cl\/wp-content\/uploads\/2023\/08\/2-edited-100x100.jpg 100w\" sizes=\"auto, (max-width: 425px) 100vw, 425px\" \/><\/a><\/figure>\n<\/figure>\n\n\n\n<hr class=\"wp-block-separator has-css-opacity\"\/>\n<\/div><\/div>\n\n\n\n<div style=\"height:60px\" aria-hidden=\"true\" class=\"wp-block-spacer\"><\/div>\n\n\n\n<div class=\"wp-block-group\"><div class=\"wp-block-group__inner-container is-layout-constrained wp-block-group-is-layout-constrained\">\n<h5 class=\"wp-block-heading\">Reducci\u00f3n de distorsiones perceptuales en distancias y dimensiones en RV. <\/h5>\n\n\n\n<p>Estudiamos c\u00f3mo mejorar los dise\u00f1os de espacios virtuales para reducir las distorsiones perceptuales en distancias y dimensiones que se producen con la tecnolog\u00eda. Combinamos diferentes tecnolog\u00edas de modelamiento de espacios virtuales con t\u00e9cnicas de dise\u00f1o de espacios para crear ambientes virtuales que generen respuestas perceptuales m\u00e1s fidedignas, y que, por lo tanto, se puedan utilizar en aplicaciones de arquitectura donde se requiera obtener impresiones correctas y precisas de las personas.<\/p>\n\n\n\n<p><em>Equipo:<\/em> Mauricio Loyola (IP), Cecilia Wolff, Bruno Rossi, Sebasti\u00e1n Pagueguy, Luis Mosquera, Francisca Vir\u00e1n.<br><em>Financiamiento:<\/em> FAU Interdisciplinar 2020 (C\u00f3digo proyecto: 12012001.9102.042).<br><em>Fechas: <\/em>2021-2022<\/p>\n\n\n\n<figure class=\"wp-block-gallery aligncenter has-nested-images columns-6 is-cropped wp-block-gallery-3 is-layout-flex wp-block-gallery-is-layout-flex\">\n<figure class=\"wp-block-image size-large\"><a href=\"https:\/\/labrv.uchilefau.cl\/wp-content\/uploads\/2021\/06\/cues6.jpg\"><img loading=\"lazy\" decoding=\"async\" width=\"1536\" height=\"1536\" data-id=\"1199\" src=\"https:\/\/labrv.uchilefau.cl\/wp-content\/uploads\/2023\/08\/cues6-edited.jpg\" alt=\"\" class=\"wp-image-1199\" srcset=\"https:\/\/labrv.uchilefau.cl\/wp-content\/uploads\/2023\/08\/cues6-edited.jpg 1536w, https:\/\/labrv.uchilefau.cl\/wp-content\/uploads\/2023\/08\/cues6-edited-300x300.jpg 300w, https:\/\/labrv.uchilefau.cl\/wp-content\/uploads\/2023\/08\/cues6-edited-1024x1024.jpg 1024w, https:\/\/labrv.uchilefau.cl\/wp-content\/uploads\/2023\/08\/cues6-edited-150x150.jpg 150w, https:\/\/labrv.uchilefau.cl\/wp-content\/uploads\/2023\/08\/cues6-edited-768x768.jpg 768w, https:\/\/labrv.uchilefau.cl\/wp-content\/uploads\/2023\/08\/cues6-edited-100x100.jpg 100w\" sizes=\"auto, (max-width: 706px) 89vw, (max-width: 767px) 82vw, 740px\" \/><\/a><\/figure>\n\n\n\n<figure class=\"wp-block-image size-large\"><a href=\"https:\/\/labrv.uchilefau.cl\/wp-content\/uploads\/2023\/08\/cues5-edited.jpg\"><img loading=\"lazy\" decoding=\"async\" width=\"1920\" height=\"1920\" data-id=\"1200\" src=\"https:\/\/labrv.uchilefau.cl\/wp-content\/uploads\/2023\/08\/cues5-edited.jpg\" alt=\"\" class=\"wp-image-1200\" srcset=\"https:\/\/labrv.uchilefau.cl\/wp-content\/uploads\/2023\/08\/cues5-edited.jpg 1920w, https:\/\/labrv.uchilefau.cl\/wp-content\/uploads\/2023\/08\/cues5-edited-300x300.jpg 300w, https:\/\/labrv.uchilefau.cl\/wp-content\/uploads\/2023\/08\/cues5-edited-1024x1024.jpg 1024w, https:\/\/labrv.uchilefau.cl\/wp-content\/uploads\/2023\/08\/cues5-edited-150x150.jpg 150w, https:\/\/labrv.uchilefau.cl\/wp-content\/uploads\/2023\/08\/cues5-edited-768x768.jpg 768w, https:\/\/labrv.uchilefau.cl\/wp-content\/uploads\/2023\/08\/cues5-edited-1536x1536.jpg 1536w, https:\/\/labrv.uchilefau.cl\/wp-content\/uploads\/2023\/08\/cues5-edited-100x100.jpg 100w\" sizes=\"auto, (max-width: 706px) 89vw, (max-width: 767px) 82vw, 740px\" \/><\/a><\/figure>\n\n\n\n<figure class=\"wp-block-image size-large\"><a href=\"https:\/\/labrv.uchilefau.cl\/wp-content\/uploads\/2021\/06\/cues7.jpg\"><img loading=\"lazy\" decoding=\"async\" width=\"1024\" height=\"768\" data-id=\"622\" src=\"https:\/\/labrv.uchilefau.cl\/wp-content\/uploads\/2021\/06\/cues7-1024x768.jpg\" alt=\"\" class=\"wp-image-622\" srcset=\"https:\/\/labrv.uchilefau.cl\/wp-content\/uploads\/2021\/06\/cues7-1024x768.jpg 1024w, https:\/\/labrv.uchilefau.cl\/wp-content\/uploads\/2021\/06\/cues7-300x225.jpg 300w, https:\/\/labrv.uchilefau.cl\/wp-content\/uploads\/2021\/06\/cues7-768x576.jpg 768w, https:\/\/labrv.uchilefau.cl\/wp-content\/uploads\/2021\/06\/cues7-1536x1152.jpg 1536w, https:\/\/labrv.uchilefau.cl\/wp-content\/uploads\/2021\/06\/cues7.jpg 2048w\" sizes=\"auto, (max-width: 706px) 89vw, (max-width: 767px) 82vw, 740px\" \/><\/a><\/figure>\n\n\n\n<figure class=\"wp-block-image size-large\"><a href=\"https:\/\/labrv.uchilefau.cl\/wp-content\/uploads\/2021\/06\/cues1.jpg\"><img loading=\"lazy\" decoding=\"async\" width=\"766\" height=\"780\" data-id=\"618\" src=\"https:\/\/labrv.uchilefau.cl\/wp-content\/uploads\/2021\/06\/cues1.jpg\" alt=\"\" class=\"wp-image-618\" srcset=\"https:\/\/labrv.uchilefau.cl\/wp-content\/uploads\/2021\/06\/cues1.jpg 766w, https:\/\/labrv.uchilefau.cl\/wp-content\/uploads\/2021\/06\/cues1-295x300.jpg 295w\" sizes=\"auto, (max-width: 706px) 89vw, (max-width: 767px) 82vw, 740px\" \/><\/a><\/figure>\n\n\n\n<figure class=\"wp-block-image size-large\"><a href=\"https:\/\/labrv.uchilefau.cl\/wp-content\/uploads\/2021\/06\/cue3.jpg\"><img loading=\"lazy\" decoding=\"async\" width=\"867\" height=\"855\" data-id=\"617\" src=\"https:\/\/labrv.uchilefau.cl\/wp-content\/uploads\/2021\/06\/cue3.jpg\" alt=\"\" class=\"wp-image-617\" srcset=\"https:\/\/labrv.uchilefau.cl\/wp-content\/uploads\/2021\/06\/cue3.jpg 867w, https:\/\/labrv.uchilefau.cl\/wp-content\/uploads\/2021\/06\/cue3-300x296.jpg 300w, https:\/\/labrv.uchilefau.cl\/wp-content\/uploads\/2021\/06\/cue3-768x757.jpg 768w, https:\/\/labrv.uchilefau.cl\/wp-content\/uploads\/2021\/06\/cue3-100x100.jpg 100w\" sizes=\"auto, (max-width: 706px) 89vw, (max-width: 767px) 82vw, 740px\" \/><\/a><\/figure>\n<\/figure>\n\n\n\n<hr class=\"wp-block-separator has-css-opacity\"\/>\n<\/div><\/div>\n\n\n\n<div style=\"height:60px\" aria-hidden=\"true\" class=\"wp-block-spacer\"><\/div>\n\n\n\n<div class=\"wp-block-group\"><div class=\"wp-block-group__inner-container is-layout-constrained wp-block-group-is-layout-constrained\">\n<h5 class=\"wp-block-heading\">Generaci\u00f3n r\u00e1pida de entornos virtuales h\u00edbridos con im\u00e1genes 360 y geometr\u00eda 3D<\/h5>\n\n\n\n<p>Desarrollamos m\u00e9todos r\u00e1pidos y simples para la generaci\u00f3n de entornos virtuales a partir de la combinaci\u00f3n de im\u00e1genes 360 y geometr\u00eda 3D para su uso durante los procesos de dise\u00f1o en arquitectura. Exploramos y evaluamos distintas tecnolog\u00edas de fotograf\u00eda 360 monosc\u00f3pica, estereosc\u00f3pica y fotogrametr\u00eda 360 para la construcci\u00f3n de entornos virtuales, tanto est\u00e1ticos como interactivos, con niveles adecuados de profundidad y amplitud sensorial para su uso en arquitectura y dise\u00f1o. Estos m\u00e9todos mejoran la eficiencia en la generaci\u00f3n de entornos virtuales, permitiendo su aplicaci\u00f3n en fases tempranas del proceso de dise\u00f1o.<\/p>\n\n\n\n<p><em>Equipo:<\/em> Mauricio Loyola (IP), Luis Mosquera, Francisca Vir\u00e1n<br><em>Financiamiento:<\/em> VID U-Inicia 2020 (C\u00f3digo proyecto: UI-007\/20)<br><em>Fechas: <\/em>2022-2023<\/p>\n\n\n\n<figure class=\"wp-block-gallery aligncenter has-nested-images columns-6 is-cropped wp-block-gallery-4 is-layout-flex wp-block-gallery-is-layout-flex\">\n<figure class=\"wp-block-image size-large\"><a href=\"https:\/\/labrv.uchilefau.cl\/wp-content\/uploads\/2023\/08\/q-edited.png\"><img loading=\"lazy\" decoding=\"async\" width=\"756\" height=\"756\" data-id=\"1251\" src=\"https:\/\/labrv.uchilefau.cl\/wp-content\/uploads\/2023\/08\/q-edited.png\" alt=\"\" class=\"wp-image-1251\" srcset=\"https:\/\/labrv.uchilefau.cl\/wp-content\/uploads\/2023\/08\/q-edited.png 756w, https:\/\/labrv.uchilefau.cl\/wp-content\/uploads\/2023\/08\/q-edited-300x300.png 300w, https:\/\/labrv.uchilefau.cl\/wp-content\/uploads\/2023\/08\/q-edited-150x150.png 150w, https:\/\/labrv.uchilefau.cl\/wp-content\/uploads\/2023\/08\/q-edited-100x100.png 100w\" sizes=\"auto, (max-width: 706px) 89vw, (max-width: 767px) 82vw, 740px\" \/><\/a><\/figure>\n\n\n\n<figure class=\"wp-block-image size-large\"><a href=\"https:\/\/labrv.uchilefau.cl\/wp-content\/uploads\/2023\/08\/t-edited.png\"><img loading=\"lazy\" decoding=\"async\" width=\"549\" height=\"549\" data-id=\"1249\" src=\"https:\/\/labrv.uchilefau.cl\/wp-content\/uploads\/2023\/08\/t-edited.png\" alt=\"\" class=\"wp-image-1249\" srcset=\"https:\/\/labrv.uchilefau.cl\/wp-content\/uploads\/2023\/08\/t-edited.png 549w, https:\/\/labrv.uchilefau.cl\/wp-content\/uploads\/2023\/08\/t-edited-300x300.png 300w, https:\/\/labrv.uchilefau.cl\/wp-content\/uploads\/2023\/08\/t-edited-150x150.png 150w, https:\/\/labrv.uchilefau.cl\/wp-content\/uploads\/2023\/08\/t-edited-100x100.png 100w\" sizes=\"auto, (max-width: 549px) 100vw, 549px\" \/><\/a><\/figure>\n\n\n\n<figure class=\"wp-block-image size-large\"><a href=\"https:\/\/labrv.uchilefau.cl\/wp-content\/uploads\/2023\/08\/w-edited.png\"><img loading=\"lazy\" decoding=\"async\" width=\"854\" height=\"854\" data-id=\"1250\" src=\"https:\/\/labrv.uchilefau.cl\/wp-content\/uploads\/2023\/08\/w-edited.png\" alt=\"\" class=\"wp-image-1250\" srcset=\"https:\/\/labrv.uchilefau.cl\/wp-content\/uploads\/2023\/08\/w-edited.png 854w, https:\/\/labrv.uchilefau.cl\/wp-content\/uploads\/2023\/08\/w-edited-300x300.png 300w, https:\/\/labrv.uchilefau.cl\/wp-content\/uploads\/2023\/08\/w-edited-150x150.png 150w, https:\/\/labrv.uchilefau.cl\/wp-content\/uploads\/2023\/08\/w-edited-768x768.png 768w, https:\/\/labrv.uchilefau.cl\/wp-content\/uploads\/2023\/08\/w-edited-100x100.png 100w\" sizes=\"auto, (max-width: 706px) 89vw, (max-width: 767px) 82vw, 740px\" \/><\/a><\/figure>\n\n\n\n<figure class=\"wp-block-image size-large\"><a href=\"https:\/\/labrv.uchilefau.cl\/wp-content\/uploads\/2023\/08\/e-edited.png\"><img loading=\"lazy\" decoding=\"async\" width=\"704\" height=\"704\" data-id=\"1248\" src=\"https:\/\/labrv.uchilefau.cl\/wp-content\/uploads\/2023\/08\/e-edited.png\" alt=\"\" class=\"wp-image-1248\" srcset=\"https:\/\/labrv.uchilefau.cl\/wp-content\/uploads\/2023\/08\/e-edited.png 704w, https:\/\/labrv.uchilefau.cl\/wp-content\/uploads\/2023\/08\/e-edited-300x300.png 300w, https:\/\/labrv.uchilefau.cl\/wp-content\/uploads\/2023\/08\/e-edited-150x150.png 150w, https:\/\/labrv.uchilefau.cl\/wp-content\/uploads\/2023\/08\/e-edited-100x100.png 100w\" sizes=\"auto, (max-width: 704px) 100vw, 704px\" \/><\/a><\/figure>\n\n\n\n<figure class=\"wp-block-image size-large\"><a href=\"https:\/\/labrv.uchilefau.cl\/wp-content\/uploads\/2023\/08\/y-edited.png\"><img loading=\"lazy\" decoding=\"async\" width=\"593\" height=\"593\" data-id=\"1252\" src=\"https:\/\/labrv.uchilefau.cl\/wp-content\/uploads\/2023\/08\/y-edited.png\" alt=\"\" class=\"wp-image-1252\" srcset=\"https:\/\/labrv.uchilefau.cl\/wp-content\/uploads\/2023\/08\/y-edited.png 593w, https:\/\/labrv.uchilefau.cl\/wp-content\/uploads\/2023\/08\/y-edited-300x300.png 300w, https:\/\/labrv.uchilefau.cl\/wp-content\/uploads\/2023\/08\/y-edited-150x150.png 150w, https:\/\/labrv.uchilefau.cl\/wp-content\/uploads\/2023\/08\/y-edited-100x100.png 100w\" sizes=\"auto, (max-width: 593px) 100vw, 593px\" \/><\/a><\/figure>\n<\/figure>\n\n\n\n<figure class=\"wp-block-gallery aligncenter has-nested-images columns-6 is-cropped wp-block-gallery-5 is-layout-flex wp-block-gallery-is-layout-flex\">\n<figure class=\"wp-block-image size-large\"><a href=\"https:\/\/labrv.uchilefau.cl\/wp-content\/uploads\/2023\/08\/a.png\"><img loading=\"lazy\" decoding=\"async\" width=\"1024\" height=\"649\" data-id=\"1225\" src=\"https:\/\/labrv.uchilefau.cl\/wp-content\/uploads\/2023\/08\/a-1024x649.png\" alt=\"\" class=\"wp-image-1225\" srcset=\"https:\/\/labrv.uchilefau.cl\/wp-content\/uploads\/2023\/08\/a-1024x649.png 1024w, https:\/\/labrv.uchilefau.cl\/wp-content\/uploads\/2023\/08\/a-300x190.png 300w, https:\/\/labrv.uchilefau.cl\/wp-content\/uploads\/2023\/08\/a-768x487.png 768w, https:\/\/labrv.uchilefau.cl\/wp-content\/uploads\/2023\/08\/a.png 1387w\" sizes=\"auto, (max-width: 706px) 89vw, (max-width: 767px) 82vw, 740px\" \/><\/a><\/figure>\n\n\n\n<figure class=\"wp-block-image size-large\"><a href=\"https:\/\/labrv.uchilefau.cl\/wp-content\/uploads\/2023\/08\/g.png\"><img loading=\"lazy\" decoding=\"async\" width=\"1024\" height=\"513\" data-id=\"1229\" src=\"https:\/\/labrv.uchilefau.cl\/wp-content\/uploads\/2023\/08\/g-1024x513.png\" alt=\"\" class=\"wp-image-1229\" srcset=\"https:\/\/labrv.uchilefau.cl\/wp-content\/uploads\/2023\/08\/g-1024x513.png 1024w, https:\/\/labrv.uchilefau.cl\/wp-content\/uploads\/2023\/08\/g-300x150.png 300w, https:\/\/labrv.uchilefau.cl\/wp-content\/uploads\/2023\/08\/g-768x385.png 768w, https:\/\/labrv.uchilefau.cl\/wp-content\/uploads\/2023\/08\/g.png 1508w\" sizes=\"auto, (max-width: 706px) 89vw, (max-width: 767px) 82vw, 740px\" \/><\/a><\/figure>\n\n\n\n<figure class=\"wp-block-image size-large\"><a href=\"https:\/\/labrv.uchilefau.cl\/wp-content\/uploads\/2023\/08\/f.png\"><img loading=\"lazy\" decoding=\"async\" width=\"801\" height=\"804\" data-id=\"1227\" src=\"https:\/\/labrv.uchilefau.cl\/wp-content\/uploads\/2023\/08\/f.png\" alt=\"\" class=\"wp-image-1227\" srcset=\"https:\/\/labrv.uchilefau.cl\/wp-content\/uploads\/2023\/08\/f.png 801w, https:\/\/labrv.uchilefau.cl\/wp-content\/uploads\/2023\/08\/f-300x300.png 300w, https:\/\/labrv.uchilefau.cl\/wp-content\/uploads\/2023\/08\/f-150x150.png 150w, https:\/\/labrv.uchilefau.cl\/wp-content\/uploads\/2023\/08\/f-768x771.png 768w, https:\/\/labrv.uchilefau.cl\/wp-content\/uploads\/2023\/08\/f-100x100.png 100w\" sizes=\"auto, (max-width: 706px) 89vw, (max-width: 767px) 82vw, 740px\" \/><\/a><\/figure>\n\n\n\n<figure class=\"wp-block-image size-large\"><a href=\"https:\/\/labrv.uchilefau.cl\/wp-content\/uploads\/2023\/08\/s.png\"><img loading=\"lazy\" decoding=\"async\" width=\"1024\" height=\"573\" data-id=\"1232\" src=\"https:\/\/labrv.uchilefau.cl\/wp-content\/uploads\/2023\/08\/s-1024x573.png\" alt=\"\" class=\"wp-image-1232\" srcset=\"https:\/\/labrv.uchilefau.cl\/wp-content\/uploads\/2023\/08\/s-1024x573.png 1024w, https:\/\/labrv.uchilefau.cl\/wp-content\/uploads\/2023\/08\/s-300x168.png 300w, https:\/\/labrv.uchilefau.cl\/wp-content\/uploads\/2023\/08\/s-768x430.png 768w, https:\/\/labrv.uchilefau.cl\/wp-content\/uploads\/2023\/08\/s.png 1101w\" sizes=\"auto, (max-width: 706px) 89vw, (max-width: 767px) 82vw, 740px\" \/><\/a><\/figure>\n\n\n\n<figure class=\"wp-block-image size-large\"><a href=\"https:\/\/labrv.uchilefau.cl\/wp-content\/uploads\/2023\/08\/d.png\"><img loading=\"lazy\" decoding=\"async\" width=\"1024\" height=\"565\" data-id=\"1228\" src=\"https:\/\/labrv.uchilefau.cl\/wp-content\/uploads\/2023\/08\/d-1024x565.png\" alt=\"\" class=\"wp-image-1228\" srcset=\"https:\/\/labrv.uchilefau.cl\/wp-content\/uploads\/2023\/08\/d-1024x565.png 1024w, https:\/\/labrv.uchilefau.cl\/wp-content\/uploads\/2023\/08\/d-300x166.png 300w, https:\/\/labrv.uchilefau.cl\/wp-content\/uploads\/2023\/08\/d-768x424.png 768w, https:\/\/labrv.uchilefau.cl\/wp-content\/uploads\/2023\/08\/d.png 1116w\" sizes=\"auto, (max-width: 706px) 89vw, (max-width: 767px) 82vw, 740px\" \/><\/a><\/figure>\n<\/figure>\n\n\n\n<hr class=\"wp-block-separator has-css-opacity\"\/>\n<\/div><\/div>\n\n\n\n<div style=\"height:60px\" aria-hidden=\"true\" class=\"wp-block-spacer\"><\/div>\n\n\n\n<div class=\"wp-block-group\"><div class=\"wp-block-group__inner-container is-layout-constrained wp-block-group-is-layout-constrained\">\n<h5 class=\"wp-block-heading\">Caracterizaci\u00f3n de procesos de Dise\u00f1o colaborativo en RV<\/h5>\n\n\n\n<p>Exploramos los procesos de dise\u00f1o colaborativo en realidad virtual en comparaci\u00f3n con los&nbsp; procesos mediados por otras tecnolog\u00edas y procesos tradicionales en entornos presenciales, apuntando a detectar ventajas, limitaciones y desaf\u00edos en los entornos virtuales. Evaluamos la eficacia de distintas interfaces y m\u00e9todos de interacci\u00f3n en la realidad virtual, identificando pr\u00e1cticas que promuevan una colaboraci\u00f3n efectiva y fluida, abriendo el camino para nuevas modalidades de trabajo en arquitectura y dise\u00f1o.<\/p>\n\n\n\n<p><em>Equipo:<\/em><strong><em> <\/em><\/strong>Mauricio Loyola (IP), Pedro Soza, Javiera Garafulic, Wildo Vicencio, Juan Pablo Meniconi, Mat\u00edas Sanchez, Javiera Hormaz\u00e1bal.<br><em>Financiamiento:<\/em> Vicerrector\u00eda de Tecnolog\u00edas de Informaci\u00f3n U. de Chile y Arkio ehf, Islandia.<br><em>Fechas:<\/em> 2022-2023<\/p>\n\n\n\n<figure class=\"wp-block-gallery aligncenter has-nested-images columns-6 is-cropped wp-block-gallery-6 is-layout-flex wp-block-gallery-is-layout-flex\">\n<figure class=\"wp-block-image size-large\"><a href=\"https:\/\/labrv.uchilefau.cl\/wp-content\/uploads\/2023\/08\/1-edited.png\"><img loading=\"lazy\" decoding=\"async\" width=\"1067\" height=\"1067\" data-id=\"1324\" src=\"https:\/\/labrv.uchilefau.cl\/wp-content\/uploads\/2023\/08\/1-edited.png\" alt=\"\" class=\"wp-image-1324\" srcset=\"https:\/\/labrv.uchilefau.cl\/wp-content\/uploads\/2023\/08\/1-edited.png 1067w, https:\/\/labrv.uchilefau.cl\/wp-content\/uploads\/2023\/08\/1-edited-300x300.png 300w, https:\/\/labrv.uchilefau.cl\/wp-content\/uploads\/2023\/08\/1-edited-1024x1024.png 1024w, https:\/\/labrv.uchilefau.cl\/wp-content\/uploads\/2023\/08\/1-edited-150x150.png 150w, https:\/\/labrv.uchilefau.cl\/wp-content\/uploads\/2023\/08\/1-edited-768x768.png 768w, https:\/\/labrv.uchilefau.cl\/wp-content\/uploads\/2023\/08\/1-edited-100x100.png 100w\" sizes=\"auto, (max-width: 706px) 89vw, (max-width: 767px) 82vw, 740px\" \/><\/a><\/figure>\n\n\n\n<figure class=\"wp-block-image size-large\"><a href=\"https:\/\/labrv.uchilefau.cl\/wp-content\/uploads\/2023\/08\/8.jpg\"><img loading=\"lazy\" decoding=\"async\" width=\"1024\" height=\"694\" data-id=\"1317\" src=\"https:\/\/labrv.uchilefau.cl\/wp-content\/uploads\/2023\/08\/8-1024x694.jpg\" alt=\"\" class=\"wp-image-1317\" srcset=\"https:\/\/labrv.uchilefau.cl\/wp-content\/uploads\/2023\/08\/8-1024x694.jpg 1024w, https:\/\/labrv.uchilefau.cl\/wp-content\/uploads\/2023\/08\/8-300x203.jpg 300w, https:\/\/labrv.uchilefau.cl\/wp-content\/uploads\/2023\/08\/8-768x520.jpg 768w, https:\/\/labrv.uchilefau.cl\/wp-content\/uploads\/2023\/08\/8-1536x1041.jpg 1536w, https:\/\/labrv.uchilefau.cl\/wp-content\/uploads\/2023\/08\/8.jpg 1581w\" sizes=\"auto, (max-width: 706px) 89vw, (max-width: 767px) 82vw, 740px\" \/><\/a><\/figure>\n\n\n\n<figure class=\"wp-block-image size-large\"><a href=\"https:\/\/labrv.uchilefau.cl\/wp-content\/uploads\/2023\/08\/4-1.jpg\"><img loading=\"lazy\" decoding=\"async\" width=\"1024\" height=\"575\" data-id=\"1312\" src=\"https:\/\/labrv.uchilefau.cl\/wp-content\/uploads\/2023\/08\/4-1-1024x575.jpg\" alt=\"\" class=\"wp-image-1312\" srcset=\"https:\/\/labrv.uchilefau.cl\/wp-content\/uploads\/2023\/08\/4-1-1024x575.jpg 1024w, https:\/\/labrv.uchilefau.cl\/wp-content\/uploads\/2023\/08\/4-1-300x168.jpg 300w, https:\/\/labrv.uchilefau.cl\/wp-content\/uploads\/2023\/08\/4-1-768x431.jpg 768w, https:\/\/labrv.uchilefau.cl\/wp-content\/uploads\/2023\/08\/4-1-1536x862.jpg 1536w, https:\/\/labrv.uchilefau.cl\/wp-content\/uploads\/2023\/08\/4-1.jpg 1918w\" sizes=\"auto, (max-width: 706px) 89vw, (max-width: 767px) 82vw, 740px\" \/><\/a><\/figure>\n\n\n\n<figure class=\"wp-block-image size-large\"><a href=\"https:\/\/labrv.uchilefau.cl\/wp-content\/uploads\/2023\/08\/5-1.jpg\"><img loading=\"lazy\" decoding=\"async\" width=\"1024\" height=\"575\" data-id=\"1313\" src=\"https:\/\/labrv.uchilefau.cl\/wp-content\/uploads\/2023\/08\/5-1-1024x575.jpg\" alt=\"\" class=\"wp-image-1313\" srcset=\"https:\/\/labrv.uchilefau.cl\/wp-content\/uploads\/2023\/08\/5-1-1024x575.jpg 1024w, https:\/\/labrv.uchilefau.cl\/wp-content\/uploads\/2023\/08\/5-1-300x168.jpg 300w, https:\/\/labrv.uchilefau.cl\/wp-content\/uploads\/2023\/08\/5-1-768x431.jpg 768w, https:\/\/labrv.uchilefau.cl\/wp-content\/uploads\/2023\/08\/5-1-1536x862.jpg 1536w, https:\/\/labrv.uchilefau.cl\/wp-content\/uploads\/2023\/08\/5-1.jpg 1918w\" sizes=\"auto, (max-width: 706px) 89vw, (max-width: 767px) 82vw, 740px\" \/><\/a><\/figure>\n\n\n\n<figure class=\"wp-block-image size-large\"><a href=\"https:\/\/labrv.uchilefau.cl\/wp-content\/uploads\/2023\/08\/9.jpg\"><img loading=\"lazy\" decoding=\"async\" width=\"1024\" height=\"577\" data-id=\"1318\" src=\"https:\/\/labrv.uchilefau.cl\/wp-content\/uploads\/2023\/08\/9-1024x577.jpg\" alt=\"\" class=\"wp-image-1318\" srcset=\"https:\/\/labrv.uchilefau.cl\/wp-content\/uploads\/2023\/08\/9-1024x577.jpg 1024w, https:\/\/labrv.uchilefau.cl\/wp-content\/uploads\/2023\/08\/9-300x169.jpg 300w, https:\/\/labrv.uchilefau.cl\/wp-content\/uploads\/2023\/08\/9-768x432.jpg 768w, https:\/\/labrv.uchilefau.cl\/wp-content\/uploads\/2023\/08\/9-1536x865.jpg 1536w, https:\/\/labrv.uchilefau.cl\/wp-content\/uploads\/2023\/08\/9.jpg 1913w\" sizes=\"auto, (max-width: 706px) 89vw, (max-width: 767px) 82vw, 740px\" \/><\/a><\/figure>\n<\/figure>\n\n\n\n<hr class=\"wp-block-separator has-css-opacity\"\/>\n\n\n\n<div class=\"wp-block-group\"><div class=\"wp-block-group__inner-container is-layout-constrained wp-block-group-is-layout-constrained\">\n<h5 class=\"wp-block-heading\">Uso de realidad virtual para la ense\u00f1anza de procedimientos de construcci\u00f3n<\/h5>\n\n\n\n<p>Lorem ipsum dolor sit amet, consectetur adipiscing elit. Curabitur maximus mollis aliquam. Fusce at metus et enim iaculis commodo at at lacus. Nam quis libero auctor velit scelerisque viverra. Suspendisse ac mauris tellus. Nullam vehicula dui ac auctor ullamcorper. Sed placerat, enim et interdum ultricies, turpis nulla tincidunt ante, eget cursus elit dolor sed lectus. Vivamus ac velit tempor, gravida sapien ac, posuere arcu. Morbi elit felis, euismod eget leo eget, tristique interdum nunc. Morbi molestie imperdiet magna vitae consequat. Proin id porta odio.<\/p>\n\n\n\n<p><em>Equipo:<strong> <\/strong><\/em>Mauricio Loyola (IP), Max Daiber, Mart\u00edn Retamal<br><em>Asociados:<\/em> Escuela Nocturna para Obreros de la Construcci\u00f3n (ENOC), U. de Chile<br><em>Fechas:<\/em> 2014-2021<\/p>\n\n\n\n<figure class=\"wp-block-gallery aligncenter has-nested-images columns-6 is-cropped wp-block-gallery-7 is-layout-flex wp-block-gallery-is-layout-flex\">\n<figure class=\"wp-block-image size-full\"><a href=\"https:\/\/labrv.uchilefau.cl\/wp-content\/uploads\/2021\/06\/bim09.jpg\"><img loading=\"lazy\" decoding=\"async\" width=\"800\" height=\"571\" data-id=\"644\" src=\"https:\/\/labrv.uchilefau.cl\/wp-content\/uploads\/2021\/06\/bim09.jpg\" alt=\"\" class=\"wp-image-644\" srcset=\"https:\/\/labrv.uchilefau.cl\/wp-content\/uploads\/2021\/06\/bim09.jpg 800w, https:\/\/labrv.uchilefau.cl\/wp-content\/uploads\/2021\/06\/bim09-300x214.jpg 300w, https:\/\/labrv.uchilefau.cl\/wp-content\/uploads\/2021\/06\/bim09-768x548.jpg 768w\" sizes=\"auto, (max-width: 706px) 89vw, (max-width: 767px) 82vw, 740px\" \/><\/a><\/figure>\n\n\n\n<figure class=\"wp-block-image size-full\"><a href=\"https:\/\/labrv.uchilefau.cl\/wp-content\/uploads\/2021\/06\/bim08.jpg\"><img loading=\"lazy\" decoding=\"async\" width=\"800\" height=\"571\" data-id=\"643\" src=\"https:\/\/labrv.uchilefau.cl\/wp-content\/uploads\/2021\/06\/bim08.jpg\" alt=\"\" class=\"wp-image-643\" srcset=\"https:\/\/labrv.uchilefau.cl\/wp-content\/uploads\/2021\/06\/bim08.jpg 800w, https:\/\/labrv.uchilefau.cl\/wp-content\/uploads\/2021\/06\/bim08-300x214.jpg 300w, https:\/\/labrv.uchilefau.cl\/wp-content\/uploads\/2021\/06\/bim08-768x548.jpg 768w\" sizes=\"auto, (max-width: 706px) 89vw, (max-width: 767px) 82vw, 740px\" \/><\/a><\/figure>\n\n\n\n<figure class=\"wp-block-image size-full\"><a href=\"https:\/\/labrv.uchilefau.cl\/wp-content\/uploads\/2021\/06\/bim05.jpg\"><img loading=\"lazy\" decoding=\"async\" width=\"800\" height=\"571\" data-id=\"640\" src=\"https:\/\/labrv.uchilefau.cl\/wp-content\/uploads\/2021\/06\/bim05.jpg\" alt=\"\" class=\"wp-image-640\" srcset=\"https:\/\/labrv.uchilefau.cl\/wp-content\/uploads\/2021\/06\/bim05.jpg 800w, https:\/\/labrv.uchilefau.cl\/wp-content\/uploads\/2021\/06\/bim05-300x214.jpg 300w, https:\/\/labrv.uchilefau.cl\/wp-content\/uploads\/2021\/06\/bim05-768x548.jpg 768w\" sizes=\"auto, (max-width: 706px) 89vw, (max-width: 767px) 82vw, 740px\" \/><\/a><\/figure>\n\n\n\n<figure class=\"wp-block-image size-full\"><a href=\"https:\/\/labrv.uchilefau.cl\/wp-content\/uploads\/2021\/06\/bim01.jpg\"><img loading=\"lazy\" decoding=\"async\" width=\"800\" height=\"571\" data-id=\"636\" src=\"https:\/\/labrv.uchilefau.cl\/wp-content\/uploads\/2021\/06\/bim01.jpg\" alt=\"\" class=\"wp-image-636\" srcset=\"https:\/\/labrv.uchilefau.cl\/wp-content\/uploads\/2021\/06\/bim01.jpg 800w, https:\/\/labrv.uchilefau.cl\/wp-content\/uploads\/2021\/06\/bim01-300x214.jpg 300w, https:\/\/labrv.uchilefau.cl\/wp-content\/uploads\/2021\/06\/bim01-768x548.jpg 768w\" sizes=\"auto, (max-width: 706px) 89vw, (max-width: 767px) 82vw, 740px\" \/><\/a><\/figure>\n\n\n\n<figure class=\"wp-block-image size-full\"><a href=\"https:\/\/labrv.uchilefau.cl\/wp-content\/uploads\/2023\/08\/bim06-edited.jpg\"><img loading=\"lazy\" decoding=\"async\" width=\"571\" height=\"571\" data-id=\"1304\" src=\"https:\/\/labrv.uchilefau.cl\/wp-content\/uploads\/2023\/08\/bim06-edited.jpg\" alt=\"\" class=\"wp-image-1304\" srcset=\"https:\/\/labrv.uchilefau.cl\/wp-content\/uploads\/2023\/08\/bim06-edited.jpg 571w, https:\/\/labrv.uchilefau.cl\/wp-content\/uploads\/2023\/08\/bim06-edited-300x300.jpg 300w, https:\/\/labrv.uchilefau.cl\/wp-content\/uploads\/2023\/08\/bim06-edited-150x150.jpg 150w, https:\/\/labrv.uchilefau.cl\/wp-content\/uploads\/2023\/08\/bim06-edited-100x100.jpg 100w\" sizes=\"auto, (max-width: 571px) 100vw, 571px\" \/><\/a><\/figure>\n<\/figure>\n\n\n\n<figure class=\"wp-block-gallery aligncenter has-nested-images columns-6 is-cropped wp-block-gallery-8 is-layout-flex wp-block-gallery-is-layout-flex\">\n<figure class=\"wp-block-image size-large\"><a href=\"https:\/\/labrv.uchilefau.cl\/wp-content\/uploads\/2023\/08\/Picture1-edited.png\"><img loading=\"lazy\" decoding=\"async\" width=\"478\" height=\"478\" data-id=\"1305\" src=\"https:\/\/labrv.uchilefau.cl\/wp-content\/uploads\/2023\/08\/Picture1-edited.png\" alt=\"\" class=\"wp-image-1305\" srcset=\"https:\/\/labrv.uchilefau.cl\/wp-content\/uploads\/2023\/08\/Picture1-edited.png 478w, https:\/\/labrv.uchilefau.cl\/wp-content\/uploads\/2023\/08\/Picture1-edited-300x300.png 300w, https:\/\/labrv.uchilefau.cl\/wp-content\/uploads\/2023\/08\/Picture1-edited-150x150.png 150w, https:\/\/labrv.uchilefau.cl\/wp-content\/uploads\/2023\/08\/Picture1-edited-100x100.png 100w\" sizes=\"auto, (max-width: 478px) 100vw, 478px\" \/><\/a><\/figure>\n\n\n\n<figure class=\"wp-block-image size-large\"><a href=\"https:\/\/labrv.uchilefau.cl\/wp-content\/uploads\/2023\/08\/Picture4.png\"><img loading=\"lazy\" decoding=\"async\" width=\"215\" height=\"215\" data-id=\"1296\" src=\"https:\/\/labrv.uchilefau.cl\/wp-content\/uploads\/2023\/08\/Picture4.png\" alt=\"\" class=\"wp-image-1296\" srcset=\"https:\/\/labrv.uchilefau.cl\/wp-content\/uploads\/2023\/08\/Picture4.png 215w, https:\/\/labrv.uchilefau.cl\/wp-content\/uploads\/2023\/08\/Picture4-150x150.png 150w, https:\/\/labrv.uchilefau.cl\/wp-content\/uploads\/2023\/08\/Picture4-100x100.png 100w\" sizes=\"auto, (max-width: 215px) 100vw, 215px\" \/><\/a><\/figure>\n\n\n\n<figure class=\"wp-block-image size-large\"><a href=\"https:\/\/labrv.uchilefau.cl\/wp-content\/uploads\/2023\/08\/Picture5-edited.png\"><img loading=\"lazy\" decoding=\"async\" width=\"115\" height=\"115\" data-id=\"1306\" src=\"https:\/\/labrv.uchilefau.cl\/wp-content\/uploads\/2023\/08\/Picture5-edited.png\" alt=\"\" class=\"wp-image-1306\" srcset=\"https:\/\/labrv.uchilefau.cl\/wp-content\/uploads\/2023\/08\/Picture5-edited.png 115w, https:\/\/labrv.uchilefau.cl\/wp-content\/uploads\/2023\/08\/Picture5-edited-100x100.png 100w\" sizes=\"auto, (max-width: 115px) 100vw, 115px\" \/><\/a><\/figure>\n\n\n\n<figure class=\"wp-block-image size-large\"><a href=\"https:\/\/labrv.uchilefau.cl\/wp-content\/uploads\/2023\/08\/Picture6-edited.png\"><img loading=\"lazy\" decoding=\"async\" width=\"199\" height=\"199\" data-id=\"1307\" src=\"https:\/\/labrv.uchilefau.cl\/wp-content\/uploads\/2023\/08\/Picture6-edited.png\" alt=\"\" class=\"wp-image-1307\" srcset=\"https:\/\/labrv.uchilefau.cl\/wp-content\/uploads\/2023\/08\/Picture6-edited.png 199w, https:\/\/labrv.uchilefau.cl\/wp-content\/uploads\/2023\/08\/Picture6-edited-150x150.png 150w, https:\/\/labrv.uchilefau.cl\/wp-content\/uploads\/2023\/08\/Picture6-edited-100x100.png 100w\" sizes=\"auto, (max-width: 199px) 100vw, 199px\" \/><\/a><\/figure>\n\n\n\n<figure class=\"wp-block-image size-large\"><a href=\"https:\/\/labrv.uchilefau.cl\/wp-content\/uploads\/2023\/08\/Picture7-edited.png\"><img loading=\"lazy\" decoding=\"async\" width=\"137\" height=\"137\" data-id=\"1308\" src=\"https:\/\/labrv.uchilefau.cl\/wp-content\/uploads\/2023\/08\/Picture7-edited.png\" alt=\"\" class=\"wp-image-1308\" srcset=\"https:\/\/labrv.uchilefau.cl\/wp-content\/uploads\/2023\/08\/Picture7-edited.png 137w, https:\/\/labrv.uchilefau.cl\/wp-content\/uploads\/2023\/08\/Picture7-edited-100x100.png 100w\" sizes=\"auto, (max-width: 137px) 100vw, 137px\" \/><\/a><\/figure>\n<\/figure>\n\n\n\n<hr class=\"wp-block-separator has-css-opacity\"\/>\n<\/div><\/div>\n<\/div><\/div>\n\n\n\n<div style=\"height:60px\" aria-hidden=\"true\" class=\"wp-block-spacer\"><\/div>\n\n\n\n<div class=\"wp-block-group\"><div class=\"wp-block-group__inner-container is-layout-constrained wp-block-group-is-layout-constrained\">\n<h5 class=\"wp-block-heading\">Realidad virtual para el dise\u00f1o participativo<\/h5>\n\n\n\n<p>Exploramos la utilizaci\u00f3n de realidad virtual en procesos de participaci\u00f3n ciudadana temprana en proyectos de arquitectura y urbanismo. Estudiamos las maneras m\u00e1s eficientes para que personas sin experiencia en RV puedan visualizar y experienciar espacios virtuales de manera f\u00e1cil e intuitiva, y puedan entregar comentarios que sean valiosos como retroalimentaci\u00f3n para los arquitectos y dise\u00f1adores. Esta l\u00ednea de investigaci\u00f3n apunta a utilizar de la RV de manera efectiva para superar las barreras de comunicaci\u00f3n entre profesionales del dise\u00f1o y la comunidad.<\/p>\n\n\n\n<p><em>Equipo:<\/em><strong><em> <\/em><\/strong>Jorge Inzunza (IP), Mauricio Loyola (IA), Viviana Fern\u00e1ndez, Hern\u00e1n Elgueta, Bruno Rossi, Max Daiber, Constanza Montiel<br><em>Financiamiento:<\/em> Ministerio de Vivienda y Urbanismo (C\u00f3digo proyecto FAU-MINVU N\u00ba120107019102017)<br><em>Fechas: <\/em>2015-2018<\/p>\n\n\n\n<figure class=\"wp-block-gallery has-nested-images columns-6 is-cropped foto3hover wp-block-gallery-9 is-layout-flex wp-block-gallery-is-layout-flex\">\n<figure class=\"wp-block-image size-thumbnail\"><a href=\"https:\/\/labrv.uchilefau.cl\/wp-content\/uploads\/2021\/06\/Picture1.png\"><img loading=\"lazy\" decoding=\"async\" width=\"150\" height=\"150\" data-id=\"571\" src=\"https:\/\/labrv.uchilefau.cl\/wp-content\/uploads\/2021\/06\/Picture1-150x150.png\" alt=\"\" class=\"wp-image-571\" srcset=\"https:\/\/labrv.uchilefau.cl\/wp-content\/uploads\/2021\/06\/Picture1-150x150.png 150w, https:\/\/labrv.uchilefau.cl\/wp-content\/uploads\/2021\/06\/Picture1-100x100.png 100w\" sizes=\"auto, (max-width: 150px) 100vw, 150px\" \/><\/a><\/figure>\n\n\n\n<figure class=\"wp-block-image size-thumbnail\"><a href=\"https:\/\/labrv.uchilefau.cl\/wp-content\/uploads\/2021\/06\/Picture4.jpg\"><img loading=\"lazy\" decoding=\"async\" width=\"150\" height=\"150\" data-id=\"574\" src=\"https:\/\/labrv.uchilefau.cl\/wp-content\/uploads\/2021\/06\/Picture4-150x150.jpg\" alt=\"\" class=\"wp-image-574\" srcset=\"https:\/\/labrv.uchilefau.cl\/wp-content\/uploads\/2021\/06\/Picture4-150x150.jpg 150w, https:\/\/labrv.uchilefau.cl\/wp-content\/uploads\/2021\/06\/Picture4-100x100.jpg 100w\" sizes=\"auto, (max-width: 150px) 100vw, 150px\" \/><\/a><\/figure>\n\n\n\n<figure class=\"wp-block-image size-thumbnail\"><a href=\"https:\/\/labrv.uchilefau.cl\/wp-content\/uploads\/2021\/06\/Picture6.jpg\"><img loading=\"lazy\" decoding=\"async\" width=\"150\" height=\"150\" data-id=\"576\" src=\"https:\/\/labrv.uchilefau.cl\/wp-content\/uploads\/2021\/06\/Picture6-150x150.jpg\" alt=\"\" class=\"wp-image-576\" srcset=\"https:\/\/labrv.uchilefau.cl\/wp-content\/uploads\/2021\/06\/Picture6-150x150.jpg 150w, https:\/\/labrv.uchilefau.cl\/wp-content\/uploads\/2021\/06\/Picture6-100x100.jpg 100w\" sizes=\"auto, (max-width: 150px) 100vw, 150px\" \/><\/a><\/figure>\n\n\n\n<figure class=\"wp-block-image size-thumbnail\"><a href=\"https:\/\/labrv.uchilefau.cl\/wp-content\/uploads\/2021\/06\/Picture5.jpg\"><img loading=\"lazy\" decoding=\"async\" width=\"150\" height=\"150\" data-id=\"575\" src=\"https:\/\/labrv.uchilefau.cl\/wp-content\/uploads\/2021\/06\/Picture5-150x150.jpg\" alt=\"\" class=\"wp-image-575\" srcset=\"https:\/\/labrv.uchilefau.cl\/wp-content\/uploads\/2021\/06\/Picture5-150x150.jpg 150w, https:\/\/labrv.uchilefau.cl\/wp-content\/uploads\/2021\/06\/Picture5-100x100.jpg 100w\" sizes=\"auto, (max-width: 150px) 100vw, 150px\" \/><\/a><\/figure>\n\n\n\n<figure class=\"wp-block-image size-thumbnail\"><a href=\"https:\/\/labrv.uchilefau.cl\/wp-content\/uploads\/2021\/06\/Picture3.png\"><img loading=\"lazy\" decoding=\"async\" width=\"150\" height=\"150\" data-id=\"573\" src=\"https:\/\/labrv.uchilefau.cl\/wp-content\/uploads\/2021\/06\/Picture3-150x150.png\" alt=\"\" class=\"wp-image-573\" srcset=\"https:\/\/labrv.uchilefau.cl\/wp-content\/uploads\/2021\/06\/Picture3-150x150.png 150w, https:\/\/labrv.uchilefau.cl\/wp-content\/uploads\/2021\/06\/Picture3-100x100.png 100w\" sizes=\"auto, (max-width: 150px) 100vw, 150px\" \/><\/a><\/figure>\n<\/figure>\n\n\n\n<figure class=\"wp-block-gallery has-nested-images columns-6 is-cropped foto3hover wp-block-gallery-10 is-layout-flex wp-block-gallery-is-layout-flex\">\n<figure class=\"wp-block-image size-thumbnail\"><a href=\"https:\/\/labrv.uchilefau.cl\/wp-content\/uploads\/2021\/06\/pasa9.jpg\"><img loading=\"lazy\" decoding=\"async\" width=\"150\" height=\"150\" data-id=\"633\" src=\"https:\/\/labrv.uchilefau.cl\/wp-content\/uploads\/2021\/06\/pasa9-150x150.jpg\" alt=\"\" class=\"wp-image-633\" srcset=\"https:\/\/labrv.uchilefau.cl\/wp-content\/uploads\/2021\/06\/pasa9-150x150.jpg 150w, https:\/\/labrv.uchilefau.cl\/wp-content\/uploads\/2021\/06\/pasa9-100x100.jpg 100w\" sizes=\"auto, (max-width: 150px) 100vw, 150px\" \/><\/a><\/figure>\n\n\n\n<figure class=\"wp-block-image size-thumbnail\"><a href=\"https:\/\/labrv.uchilefau.cl\/wp-content\/uploads\/2021\/06\/pasa5.jpg\"><img loading=\"lazy\" decoding=\"async\" width=\"150\" height=\"150\" data-id=\"629\" src=\"https:\/\/labrv.uchilefau.cl\/wp-content\/uploads\/2021\/06\/pasa5-150x150.jpg\" alt=\"\" class=\"wp-image-629\" srcset=\"https:\/\/labrv.uchilefau.cl\/wp-content\/uploads\/2021\/06\/pasa5-150x150.jpg 150w, https:\/\/labrv.uchilefau.cl\/wp-content\/uploads\/2021\/06\/pasa5-100x100.jpg 100w\" sizes=\"auto, (max-width: 150px) 100vw, 150px\" \/><\/a><\/figure>\n\n\n\n<figure class=\"wp-block-image size-thumbnail\"><a href=\"https:\/\/labrv.uchilefau.cl\/wp-content\/uploads\/2021\/06\/pasa3.jpg\"><img loading=\"lazy\" decoding=\"async\" width=\"150\" height=\"150\" data-id=\"627\" src=\"https:\/\/labrv.uchilefau.cl\/wp-content\/uploads\/2021\/06\/pasa3-150x150.jpg\" alt=\"\" class=\"wp-image-627\" srcset=\"https:\/\/labrv.uchilefau.cl\/wp-content\/uploads\/2021\/06\/pasa3-150x150.jpg 150w, https:\/\/labrv.uchilefau.cl\/wp-content\/uploads\/2021\/06\/pasa3-100x100.jpg 100w\" sizes=\"auto, (max-width: 150px) 100vw, 150px\" \/><\/a><\/figure>\n\n\n\n<figure class=\"wp-block-image size-full\"><a href=\"https:\/\/labrv.uchilefau.cl\/wp-content\/uploads\/2021\/06\/10931511_824961374234844_5529080834270513599_n.jpg\"><img loading=\"lazy\" decoding=\"async\" width=\"960\" height=\"637\" data-id=\"665\" src=\"https:\/\/labrv.uchilefau.cl\/wp-content\/uploads\/2021\/06\/10931511_824961374234844_5529080834270513599_n.jpg\" alt=\"\" class=\"wp-image-665\" srcset=\"https:\/\/labrv.uchilefau.cl\/wp-content\/uploads\/2021\/06\/10931511_824961374234844_5529080834270513599_n.jpg 960w, https:\/\/labrv.uchilefau.cl\/wp-content\/uploads\/2021\/06\/10931511_824961374234844_5529080834270513599_n-300x199.jpg 300w, https:\/\/labrv.uchilefau.cl\/wp-content\/uploads\/2021\/06\/10931511_824961374234844_5529080834270513599_n-768x510.jpg 768w\" sizes=\"auto, (max-width: 706px) 89vw, (max-width: 767px) 82vw, 740px\" \/><\/a><\/figure>\n\n\n\n<figure class=\"wp-block-image size-thumbnail\"><a href=\"https:\/\/labrv.uchilefau.cl\/wp-content\/uploads\/2021\/06\/pasa8.jpg\"><img loading=\"lazy\" decoding=\"async\" width=\"150\" height=\"150\" data-id=\"632\" src=\"https:\/\/labrv.uchilefau.cl\/wp-content\/uploads\/2021\/06\/pasa8-150x150.jpg\" alt=\"\" class=\"wp-image-632\" srcset=\"https:\/\/labrv.uchilefau.cl\/wp-content\/uploads\/2021\/06\/pasa8-150x150.jpg 150w, https:\/\/labrv.uchilefau.cl\/wp-content\/uploads\/2021\/06\/pasa8-100x100.jpg 100w\" sizes=\"auto, (max-width: 150px) 100vw, 150px\" \/><\/a><\/figure>\n<\/figure>\n\n\n\n<hr class=\"wp-block-separator has-css-opacity\"\/>\n<\/div><\/div>\n\n\n\n<div style=\"height:60px\" aria-hidden=\"true\" class=\"wp-block-spacer\"><\/div>\n\n\n\n<h2 class=\"wp-block-heading\">Colaboraciones<\/h2>\n\n\n\n<div style=\"height:47px\" aria-hidden=\"true\" class=\"wp-block-spacer\"><\/div>\n\n\n\n<div class=\"wp-block-group\"><div class=\"wp-block-group__inner-container is-layout-constrained wp-block-group-is-layout-constrained\">\n<h5 class=\"wp-block-heading\">Sistema de Dise\u00f1o y Construcci\u00f3n Digital de Viviendas basado en propuestas residenciales de Roberto Matta<\/h5>\n\n\n\n<p><em>Proyecto<\/em>: FONDECYT XXXXXXXXX<br><em>Equipo:<\/em> Rodrigo Garc\u00eda-Alvarado (IP), Pedro Soza (Co-Inv), Mariela Gaete (Co-Inv)<\/p>\n\n\n\n<p>Nuestro rol fue apoyar en la experimentaci\u00f3n y con entornos de realidad virtual construidos a partir de im\u00e1genes de pinturas de Roberto Matta. <\/p>\n\n\n\n<hr class=\"wp-block-separator has-alpha-channel-opacity\"\/>\n<\/div><\/div>\n\n\n\n<div class=\"wp-block-group\"><div class=\"wp-block-group__inner-container is-layout-constrained wp-block-group-is-layout-constrained\">\n<h5 class=\"wp-block-heading\">Desarrollo de tres estaciones modulares para exposici\u00f3n itinerante ESO<\/h5>\n\n\n\n<p><em>Proyecto:<\/em> Convenio FAU &#8211; Organizaci\u00f3n Europea para la Observaci\u00f3n Astronomica en el Hemisferio Austral (ESO). <br><em>Equipo: <\/em>Cecilia Wolff (responsable)<\/p>\n\n\n\n<p>Nuestro rol fue apoyar en la generaci\u00f3n de experiencias virtuales con visores RV de bajo costo, como parte de la propuesta museogr\u00e1fica de la exposici\u00f3n.<\/p>\n\n\n\n<hr class=\"wp-block-separator has-alpha-channel-opacity\"\/>\n<\/div><\/div>\n","protected":false},"excerpt":{"rendered":"<p>An\u00e1lisis de comportamiento espacial de ocupantes en edificios Utilizamos realidad virtual para observar y evaluar el comportamiento espacial de las personas en espacios virtuales, enfoc\u00e1ndonos particularmente en patrones de movimiento, permanencia y direcci\u00f3n de mirada. Comparamos el comportamiento real de personas en espacios f\u00edsicos y en espacios virtuales id\u00e9nticos, identificando similitudes, diferencias y los factores &hellip; <\/p>\n<p class=\"link-more\"><a href=\"https:\/\/labrv.uchilefau.cl\/?page_id=11\" class=\"more-link\">Continue reading<span class=\"screen-reader-text\"> &#8220;Investigaci\u00f3n&#8221;<\/span><\/a><\/p>\n","protected":false},"author":2,"featured_media":0,"parent":0,"menu_order":0,"comment_status":"closed","ping_status":"closed","template":"","meta":{"_uag_custom_page_level_css":"","pgc_sgb_lightbox_settings":"","footnotes":""},"class_list":["post-11","page","type-page","status-publish","hentry"],"uagb_featured_image_src":{"full":false,"thumbnail":false,"medium":false,"medium_large":false,"large":false,"1536x1536":false,"2048x2048":false,"twentyseventeen-featured-image":false,"twentyseventeen-thumbnail-avatar":false,"wpvr_mobile":false},"uagb_author_info":{"display_name":"Mauricio Loyola","author_link":"https:\/\/labrv.uchilefau.cl\/?author=2"},"uagb_comment_info":0,"uagb_excerpt":"An\u00e1lisis de comportamiento espacial de ocupantes en edificios Utilizamos realidad virtual para observar y evaluar el comportamiento espacial de las personas en espacios virtuales, enfoc\u00e1ndonos particularmente en patrones de movimiento, permanencia y direcci\u00f3n de mirada. Comparamos el comportamiento real de personas en espacios f\u00edsicos y en espacios virtuales id\u00e9nticos, identificando similitudes, diferencias y los factores&hellip;","_links":{"self":[{"href":"https:\/\/labrv.uchilefau.cl\/index.php?rest_route=\/wp\/v2\/pages\/11","targetHints":{"allow":["GET"]}}],"collection":[{"href":"https:\/\/labrv.uchilefau.cl\/index.php?rest_route=\/wp\/v2\/pages"}],"about":[{"href":"https:\/\/labrv.uchilefau.cl\/index.php?rest_route=\/wp\/v2\/types\/page"}],"author":[{"embeddable":true,"href":"https:\/\/labrv.uchilefau.cl\/index.php?rest_route=\/wp\/v2\/users\/2"}],"replies":[{"embeddable":true,"href":"https:\/\/labrv.uchilefau.cl\/index.php?rest_route=%2Fwp%2Fv2%2Fcomments&post=11"}],"version-history":[{"count":80,"href":"https:\/\/labrv.uchilefau.cl\/index.php?rest_route=\/wp\/v2\/pages\/11\/revisions"}],"predecessor-version":[{"id":1334,"href":"https:\/\/labrv.uchilefau.cl\/index.php?rest_route=\/wp\/v2\/pages\/11\/revisions\/1334"}],"wp:attachment":[{"href":"https:\/\/labrv.uchilefau.cl\/index.php?rest_route=%2Fwp%2Fv2%2Fmedia&parent=11"}],"curies":[{"name":"wp","href":"https:\/\/api.w.org\/{rel}","templated":true}]}}